{"id":1079,"date":"2016-04-26T12:18:51","date_gmt":"2016-04-26T12:18:51","guid":{"rendered":"https:\/\/www.panoramictaormina.it\/fr\/?page_id=1079"},"modified":"2016-04-27T15:25:14","modified_gmt":"2016-04-27T15:25:14","slug":"evenements","status":"publish","type":"page","link":"https:\/\/www.panoramictaormina.it\/fr\/evenements\/","title":{"rendered":"\u00c9v\u00e9nements"},"content":{"rendered":"<div class=\"wpb-content-wrapper\">[vc_row el_class=\u00a0\u00bbwrap\u00a0\u00bb][vc_column][vc_column_text]\n<h1 class=\"titolo-applicazioni\">\u00c9v\u00e9nements<\/h1>\n<div class=\"gallery-view\"><div class=\"events-package-4\"><div class=\"fullsliderimg\"><a href=\"https:\/\/www.panoramictaormina.it\/fr\/events\/pio-amedeo\/\"><img loading=\"lazy\" decoding=\"async\" width=\"268\" height=\"268\" src=\"https:\/\/www.panoramictaormina.it\/wp-content\/uploads\/2019\/06\/Locandina-Taormina-268x268.jpeg\" class=\"size-medium\" alt=\"\" srcset=\"https:\/\/www.panoramictaormina.it\/wp-content\/uploads\/2019\/06\/Locandina-Taormina-268x268.jpeg 268w, https:\/\/www.panoramictaormina.it\/wp-content\/uploads\/2019\/06\/Locandina-Taormina-150x150.jpeg 150w, https:\/\/www.panoramictaormina.it\/wp-content\/uploads\/2019\/06\/Locandina-Taormina-300x300.jpeg 300w, https:\/\/www.panoramictaormina.it\/wp-content\/uploads\/2019\/06\/Locandina-Taormina-768x768.jpeg 768w, https:\/\/www.panoramictaormina.it\/wp-content\/uploads\/2019\/06\/Locandina-Taormina-1024x1024.jpeg 1024w, https:\/\/www.panoramictaormina.it\/wp-content\/uploads\/2019\/06\/Locandina-Taormina-32x32.jpeg 32w, https:\/\/www.panoramictaormina.it\/wp-content\/uploads\/2019\/06\/Locandina-Taormina-64x64.jpeg 64w, https:\/\/www.panoramictaormina.it\/wp-content\/uploads\/2019\/06\/Locandina-Taormina-128x128.jpeg 128w, https:\/\/www.panoramictaormina.it\/wp-content\/uploads\/2019\/06\/Locandina-Taormina-210x210.jpeg 210w, https:\/\/www.panoramictaormina.it\/wp-content\/uploads\/2019\/06\/Locandina-Taormina-500x500.jpeg 500w, https:\/\/www.panoramictaormina.it\/wp-content\/uploads\/2019\/06\/Locandina-Taormina-930x930.jpeg 930w, https:\/\/www.panoramictaormina.it\/wp-content\/uploads\/2019\/06\/Locandina-Taormina.jpeg 1600w\" sizes=\"auto, (max-width: 268px) 100vw, 268px\" \/><\/a><\/div><div class=\"original-price\"><\/div><div class=\"reducted-price\"><\/div><div class=\"clear\"><\/div><div class=\"events_title\"><a href=\"https:\/\/www.panoramictaormina.it\/fr\/events\/pio-amedeo\/\">Pio &#038; Amedeo<\/a><\/div><div class=\"package-gallery\"><div><\/div><div><\/div><div><\/div><div><\/div><\/div><\/div><div class=\"events-package-4\"><div class=\"original-price\"><\/div><div class=\"reducted-price\"><\/div><div class=\"clear\"><\/div><div class=\"events_title\"><a href=\"https:\/\/www.panoramictaormina.it\/fr\/events\/nastri-dargento-2019\/\">Nastri D&rsquo;Argento 2019!<\/a><\/div><div class=\"package-gallery\"><div><\/div><div><\/div><div><\/div><div><\/div><\/div><\/div><div class=\"events-package-4\"><div class=\"fullsliderimg\"><a href=\"https:\/\/www.panoramictaormina.it\/fr\/events\/taomooda-2019\/\"><img loading=\"lazy\" decoding=\"async\" width=\"268\" height=\"268\" src=\"https:\/\/www.panoramictaormina.it\/wp-content\/uploads\/2018\/12\/Taomoda-268x268.jpg\" class=\"size-medium\" alt=\"\" srcset=\"https:\/\/www.panoramictaormina.it\/wp-content\/uploads\/2018\/12\/Taomoda-268x268.jpg 268w, https:\/\/www.panoramictaormina.it\/wp-content\/uploads\/2018\/12\/Taomoda-150x150.jpg 150w, https:\/\/www.panoramictaormina.it\/wp-content\/uploads\/2018\/12\/Taomoda-32x32.jpg 32w, https:\/\/www.panoramictaormina.it\/wp-content\/uploads\/2018\/12\/Taomoda-128x128.jpg 128w, https:\/\/www.panoramictaormina.it\/wp-content\/uploads\/2018\/12\/Taomoda-210x210.jpg 210w\" sizes=\"auto, (max-width: 268px) 100vw, 268px\" \/><\/a><\/div><div class=\"original-price\"><\/div><div class=\"reducted-price\"><\/div><div class=\"clear\"><\/div><div class=\"events_title\"><a href=\"https:\/\/www.panoramictaormina.it\/fr\/events\/taomooda-2019\/\">Taomooda 2019!<\/a><\/div><div class=\"package-gallery\"><div><\/div><div><\/div><div><\/div><div><\/div><\/div><\/div><div class=\"events-package-4\"><div class=\"original-price\"><\/div><div class=\"reducted-price\"><\/div><div class=\"clear\"><\/div><div class=\"events_title\"><a href=\"https:\/\/www.panoramictaormina.it\/fr\/events\/taormina-book-festival-2019\/\">Taormina Book Festival 2019!<\/a><\/div><div class=\"package-gallery\"><div><\/div><div><\/div><div><\/div><div><\/div><\/div><\/div><div class=\"events-package-4\"><div class=\"fullsliderimg\"><a href=\"https:\/\/www.panoramictaormina.it\/fr\/events\/eros-ramazzotti-live\/\"><img loading=\"lazy\" decoding=\"async\" width=\"268\" height=\"268\" src=\"https:\/\/www.panoramictaormina.it\/wp-content\/uploads\/2018\/12\/ErosRamazzotti-268x268.jpg\" class=\"size-medium\" alt=\"\" srcset=\"https:\/\/www.panoramictaormina.it\/wp-content\/uploads\/2018\/12\/ErosRamazzotti-268x268.jpg 268w, https:\/\/www.panoramictaormina.it\/wp-content\/uploads\/2018\/12\/ErosRamazzotti-150x150.jpg 150w, https:\/\/www.panoramictaormina.it\/wp-content\/uploads\/2018\/12\/ErosRamazzotti-32x32.jpg 32w, https:\/\/www.panoramictaormina.it\/wp-content\/uploads\/2018\/12\/ErosRamazzotti-128x128.jpg 128w, https:\/\/www.panoramictaormina.it\/wp-content\/uploads\/2018\/12\/ErosRamazzotti-210x210.jpg 210w, https:\/\/www.panoramictaormina.it\/wp-content\/uploads\/2018\/12\/ErosRamazzotti-500x500.jpg 500w\" sizes=\"auto, (max-width: 268px) 100vw, 268px\" \/><\/a><\/div><div class=\"original-price\"><\/div><div class=\"reducted-price\"><\/div><div class=\"clear\"><\/div><div class=\"events_title\"><a href=\"https:\/\/www.panoramictaormina.it\/fr\/events\/eros-ramazzotti-live\/\">Eros Ramazzotti Live!<\/a><\/div><div class=\"package-gallery\"><div><\/div><div><\/div><div><\/div><div><\/div><\/div><\/div><div class=\"events-package-4\"><div class=\"fullsliderimg\"><a href=\"https:\/\/www.panoramictaormina.it\/fr\/events\/francesco-de-gregori-en-concert\/\"><img loading=\"lazy\" decoding=\"async\" width=\"268\" height=\"268\" src=\"https:\/\/www.panoramictaormina.it\/wp-content\/uploads\/2018\/12\/Francesco_De_Gregori-268x268.jpg\" class=\"size-medium\" alt=\"\" srcset=\"https:\/\/www.panoramictaormina.it\/wp-content\/uploads\/2018\/12\/Francesco_De_Gregori-268x268.jpg 268w, https:\/\/www.panoramictaormina.it\/wp-content\/uploads\/2018\/12\/Francesco_De_Gregori-150x150.jpg 150w, https:\/\/www.panoramictaormina.it\/wp-content\/uploads\/2018\/12\/Francesco_De_Gregori-32x32.jpg 32w, https:\/\/www.panoramictaormina.it\/wp-content\/uploads\/2018\/12\/Francesco_De_Gregori-128x128.jpg 128w, https:\/\/www.panoramictaormina.it\/wp-content\/uploads\/2018\/12\/Francesco_De_Gregori-210x210.jpg 210w, https:\/\/www.panoramictaormina.it\/wp-content\/uploads\/2018\/12\/Francesco_De_Gregori-500x500.jpg 500w\" sizes=\"auto, (max-width: 268px) 100vw, 268px\" \/><\/a><\/div><div class=\"original-price\"><\/div><div class=\"reducted-price\"><\/div><div class=\"clear\"><\/div><div class=\"events_title\"><a href=\"https:\/\/www.panoramictaormina.it\/fr\/events\/francesco-de-gregori-en-concert\/\">Francesco De Gregori en Concert!<\/a><\/div><div class=\"package-gallery\"><div><\/div><div><\/div><div><\/div><div><\/div><\/div><\/div><div class=\"events-package-4\"><div class=\"fullsliderimg\"><a href=\"https:\/\/www.panoramictaormina.it\/fr\/events\/evenements-en-ville\/\"><img loading=\"lazy\" decoding=\"async\" width=\"268\" height=\"268\" src=\"https:\/\/www.panoramictaormina.it\/wp-content\/uploads\/2016\/04\/greek-theatre-276383-268x268.jpg\" class=\"size-medium\" alt=\"\" srcset=\"https:\/\/www.panoramictaormina.it\/wp-content\/uploads\/2016\/04\/greek-theatre-276383-268x268.jpg 268w, https:\/\/www.panoramictaormina.it\/wp-content\/uploads\/2016\/04\/greek-theatre-276383-150x150.jpg 150w, https:\/\/www.panoramictaormina.it\/wp-content\/uploads\/2016\/04\/greek-theatre-276383-32x32.jpg 32w, https:\/\/www.panoramictaormina.it\/wp-content\/uploads\/2016\/04\/greek-theatre-276383-128x128.jpg 128w, https:\/\/www.panoramictaormina.it\/wp-content\/uploads\/2016\/04\/greek-theatre-276383-210x210.jpg 210w, https:\/\/www.panoramictaormina.it\/wp-content\/uploads\/2016\/04\/greek-theatre-276383-500x500.jpg 500w\" sizes=\"auto, (max-width: 268px) 100vw, 268px\" \/><\/a><div class=\"background-events-gallery\"><img decoding=\"async\" src=\"https:\/\/www.panoramictaormina.it\/wp-content\/uploads\/2013\/09\/bkg-white704.png\" \/><div class=\"highlight-text-gallery\"><a href=\"https:\/\/www.panoramictaormina.it\/fr\/events\/evenements-en-ville\/\">\u00c9v\u00e9nement local<\/a><\/div><\/div><div class=\"background-tag-gallery\"><img decoding=\"async\" src=\"https:\/\/www.panoramictaormina.it\/wp-content\/uploads\/2014\/06\/EventoLocale1-e1417525720970.png\" ><\/div><\/div><div class=\"original-price\"><\/div><div class=\"reducted-price\"><\/div><div class=\"clear\"><\/div><div class=\"events_title\"><a href=\"https:\/\/www.panoramictaormina.it\/fr\/events\/evenements-en-ville\/\">Ev\u00e9nements en ville<\/a><\/div><div class=\"package-gallery\"><div>Remise sp\u00e9ciale<\/div><div>Toujours valide<\/div><div>2 personnes ou plus<\/div><div>Double \/ Triple<\/div><\/div><\/div><\/div>[\/vc_column_text][\/vc_column][\/vc_row]\n<\/div>","protected":false},"excerpt":{"rendered":"<p>[vc_row el_class=\u00a0\u00bbwrap\u00a0\u00bb][vc_column][vc_column_text] \u00c9v\u00e9nements [\/vc_column_text][\/vc_column][\/vc_row]<\/p>\n","protected":false},"author":30,"featured_media":0,"parent":0,"menu_order":0,"comment_status":"open","ping_status":"open","template":"","meta":{"_genesis_hide_title":false,"_genesis_hide_breadcrumbs":false,"_genesis_hide_singular_image":false,"_genesis_hide_footer_widgets":false,"_genesis_custom_body_class":"listacompleta","_genesis_custom_post_class":"","_genesis_layout":"","footnotes":""},"class_list":{"0":"post-1079","1":"page","2":"type-page","3":"status-publish","5":"entry"},"yoast_head":"<!-- This site is optimized with the Yoast SEO plugin v25.7 - https:\/\/yoast.com\/wordpress\/plugins\/seo\/ -->\n<title>\u00c9v\u00e9nements - Panoramic Hotel<\/title>\n<meta name=\"description\" content=\"Modern H\u00f4tel 4 \u00e9toiles \u00e0 Taormina avec une vue panoramique de l&#039;\u00eele Belle et Capo Taormina.\" \/>\n<meta name=\"robots\" content=\"index, follow, max-snippet:-1, max-image-preview:large, max-video-preview:-1\" \/>\n<link rel=\"canonical\" href=\"https:\/\/www.panoramictaormina.it\/fr\/evenements\/\" \/>\n<meta property=\"og:locale\" content=\"fr_FR\" \/>\n<meta property=\"og:type\" content=\"article\" \/>\n<meta property=\"og:title\" content=\"\u00c9v\u00e9nements - Panoramic Hotel\" \/>\n<meta property=\"og:description\" content=\"Modern H\u00f4tel 4 \u00e9toiles \u00e0 Taormina avec une vue panoramique de l&#039;\u00eele Belle et Capo Taormina.\" \/>\n<meta property=\"og:url\" content=\"https:\/\/www.panoramictaormina.it\/fr\/evenements\/\" \/>\n<meta property=\"og:site_name\" content=\"Panoramic Hotel\" \/>\n<meta property=\"article:modified_time\" content=\"2016-04-27T15:25:14+00:00\" \/>\n<script type=\"application\/ld+json\" class=\"yoast-schema-graph\">{\"@context\":\"https:\/\/schema.org\",\"@graph\":[{\"@type\":\"WebPage\",\"@id\":\"https:\/\/www.panoramictaormina.it\/fr\/evenements\/\",\"url\":\"https:\/\/www.panoramictaormina.it\/fr\/evenements\/\",\"name\":\"\u00c9v\u00e9nements - Panoramic Hotel\",\"isPartOf\":{\"@id\":\"https:\/\/www.panoramictaormina.it\/fr\/#website\"},\"datePublished\":\"2016-04-26T12:18:51+00:00\",\"dateModified\":\"2016-04-27T15:25:14+00:00\",\"description\":\"Modern H\u00f4tel 4 \u00e9toiles \u00e0 Taormina avec une vue panoramique de l'\u00eele Belle et Capo Taormina.\",\"breadcrumb\":{\"@id\":\"https:\/\/www.panoramictaormina.it\/fr\/evenements\/#breadcrumb\"},\"inLanguage\":\"fr-FR\",\"potentialAction\":[{\"@type\":\"ReadAction\",\"target\":[\"https:\/\/www.panoramictaormina.it\/fr\/evenements\/\"]}]},{\"@type\":\"BreadcrumbList\",\"@id\":\"https:\/\/www.panoramictaormina.it\/fr\/evenements\/#breadcrumb\",\"itemListElement\":[{\"@type\":\"ListItem\",\"position\":1,\"name\":\"Home\",\"item\":\"https:\/\/www.panoramictaormina.it\/fr\/\"},{\"@type\":\"ListItem\",\"position\":2,\"name\":\"\u00c9v\u00e9nements\"}]},{\"@type\":\"WebSite\",\"@id\":\"https:\/\/www.panoramictaormina.it\/fr\/#website\",\"url\":\"https:\/\/www.panoramictaormina.it\/fr\/\",\"name\":\"Panoramic Hotel\",\"description\":\"\",\"potentialAction\":[{\"@type\":\"SearchAction\",\"target\":{\"@type\":\"EntryPoint\",\"urlTemplate\":\"https:\/\/www.panoramictaormina.it\/fr\/?s={search_term_string}\"},\"query-input\":{\"@type\":\"PropertyValueSpecification\",\"valueRequired\":true,\"valueName\":\"search_term_string\"}}],\"inLanguage\":\"fr-FR\"}]}<\/script>\n<!-- \/ Yoast SEO plugin. -->","yoast_head_json":{"title":"\u00c9v\u00e9nements - Panoramic Hotel","description":"Modern H\u00f4tel 4 \u00e9toiles \u00e0 Taormina avec une vue panoramique de l'\u00eele Belle et Capo Taormina.","robots":{"index":"index","follow":"follow","max-snippet":"max-snippet:-1","max-image-preview":"max-image-preview:large","max-video-preview":"max-video-preview:-1"},"canonical":"https:\/\/www.panoramictaormina.it\/fr\/evenements\/","og_locale":"fr_FR","og_type":"article","og_title":"\u00c9v\u00e9nements - Panoramic Hotel","og_description":"Modern H\u00f4tel 4 \u00e9toiles \u00e0 Taormina avec une vue panoramique de l'\u00eele Belle et Capo Taormina.","og_url":"https:\/\/www.panoramictaormina.it\/fr\/evenements\/","og_site_name":"Panoramic Hotel","article_modified_time":"2016-04-27T15:25:14+00:00","schema":{"@context":"https:\/\/schema.org","@graph":[{"@type":"WebPage","@id":"https:\/\/www.panoramictaormina.it\/fr\/evenements\/","url":"https:\/\/www.panoramictaormina.it\/fr\/evenements\/","name":"\u00c9v\u00e9nements - Panoramic Hotel","isPartOf":{"@id":"https:\/\/www.panoramictaormina.it\/fr\/#website"},"datePublished":"2016-04-26T12:18:51+00:00","dateModified":"2016-04-27T15:25:14+00:00","description":"Modern H\u00f4tel 4 \u00e9toiles \u00e0 Taormina avec une vue panoramique de l'\u00eele Belle et Capo Taormina.","breadcrumb":{"@id":"https:\/\/www.panoramictaormina.it\/fr\/evenements\/#breadcrumb"},"inLanguage":"fr-FR","potentialAction":[{"@type":"ReadAction","target":["https:\/\/www.panoramictaormina.it\/fr\/evenements\/"]}]},{"@type":"BreadcrumbList","@id":"https:\/\/www.panoramictaormina.it\/fr\/evenements\/#breadcrumb","itemListElement":[{"@type":"ListItem","position":1,"name":"Home","item":"https:\/\/www.panoramictaormina.it\/fr\/"},{"@type":"ListItem","position":2,"name":"\u00c9v\u00e9nements"}]},{"@type":"WebSite","@id":"https:\/\/www.panoramictaormina.it\/fr\/#website","url":"https:\/\/www.panoramictaormina.it\/fr\/","name":"Panoramic Hotel","description":"","potentialAction":[{"@type":"SearchAction","target":{"@type":"EntryPoint","urlTemplate":"https:\/\/www.panoramictaormina.it\/fr\/?s={search_term_string}"},"query-input":{"@type":"PropertyValueSpecification","valueRequired":true,"valueName":"search_term_string"}}],"inLanguage":"fr-FR"}]}},"publishpress_future_action":{"enabled":false,"date":"2026-05-09 06:28:39","action":"change-status","newStatus":"draft","terms":[],"taxonomy":"translation_priority","extraData":[]},"publishpress_future_workflow_manual_trigger":{"enabledWorkflows":[]},"_links":{"self":[{"href":"https:\/\/www.panoramictaormina.it\/fr\/wp-json\/wp\/v2\/pages\/1079","targetHints":{"allow":["GET"]}}],"collection":[{"href":"https:\/\/www.panoramictaormina.it\/fr\/wp-json\/wp\/v2\/pages"}],"about":[{"href":"https:\/\/www.panoramictaormina.it\/fr\/wp-json\/wp\/v2\/types\/page"}],"author":[{"embeddable":true,"href":"https:\/\/www.panoramictaormina.it\/fr\/wp-json\/wp\/v2\/users\/30"}],"replies":[{"embeddable":true,"href":"https:\/\/www.panoramictaormina.it\/fr\/wp-json\/wp\/v2\/comments?post=1079"}],"version-history":[{"count":1,"href":"https:\/\/www.panoramictaormina.it\/fr\/wp-json\/wp\/v2\/pages\/1079\/revisions"}],"predecessor-version":[{"id":1080,"href":"https:\/\/www.panoramictaormina.it\/fr\/wp-json\/wp\/v2\/pages\/1079\/revisions\/1080"}],"wp:attachment":[{"href":"https:\/\/www.panoramictaormina.it\/fr\/wp-json\/wp\/v2\/media?parent=1079"}],"curies":[{"name":"wp","href":"https:\/\/api.w.org\/{rel}","templated":true}]}}